{"id":29,"date":"2021-06-03T16:02:43","date_gmt":"2021-06-03T16:02:43","guid":{"rendered":"https:\/\/marieannecasselot.com\/?page_id=29"},"modified":"2025-07-09T18:32:23","modified_gmt":"2025-07-09T18:32:23","slug":"interventions-mediatiques","status":"publish","type":"page","link":"https:\/\/marieannecasselot.com\/?page_id=29","title":{"rendered":"Interventions m\u00e9diatiques"},"content":{"rendered":"<h5><strong>ENTRETIENS<\/strong><\/h5>\n<ul>\n<li>(2025) Entrevue avec la journaliste Caroline D\u00e9coste, \u00ab <a href=\"https:\/\/veroniquecloutier.com\/culture\/le-grand-retour-du-tricot-du-crochet-et-de-la-broderie?fbclid=IwY2xjawLblDFleHRuA2FlbQIxMQBicmlkETFKSnZlVFUzV2dIdzVDN1ZuAR567RGBAkE0JykcBiWWE8x6EbBKCFVKDhHUF3t6_bA-bqcxBjR61seIfby5SA_aem_mB3kfB2V5mD8ik4rHOZPCw\">Le grand retour du tricot, du crochet et de la broderie<\/a> \u00bb, V\u00e9ro Magazine, 18 f\u00e9vrier.<\/li>\n<li>(2024) Entrevue avec la journaliste Miriane Demers-Lemay, \u00ab <a href=\"https:\/\/gazettedesfemmes.ca\/24607\/la-philosophie-feministe-des-sciences\/\">La philosophie f\u00e9ministe des sciences<\/a> \u00bb, Gazette des femmes, 12 septembre.<\/li>\n<li>(2022) Entrevue avec la journaliste \u00c9milie Clavel, \u00ab <a href=\"https:\/\/www.noovo.info\/nouvelle\/incompetence-strategique-tiktok-charge-mentale.html\">L&rsquo;\u00ab incomp\u00e9tence strat\u00e9gique \u00bb, ou ces hommes qui se sauvent du m\u00e9nage<\/a> \u00bb, Noovo.info, 28 octobre.<\/li>\n<li>(2022) Entrevue avec la journaliste Genevi\u00e8ve Abran, \u00ab <a href=\"https:\/\/www.24heures.ca\/2022\/08\/11\/connaissez-vous-andrew-tate-le-controverse-influenceur-aux-propos-misogynes-et-dangereux\">L&rsquo;influenceur aux propos misogynes : le dangereux Andrew Tate<\/a> \u00bb,\u00a0<em>Journal 24h<\/em>, 11 ao\u00fbt.<\/li>\n<li>(2022) Entrevue avec la journaliste Anne-Sophie Poir\u00e9, \u00ab <a href=\"https:\/\/www.24heures.ca\/2022\/07\/04\/transition-ecologique-la-petro-masculinite-contre-attaque\">P\u00e9tro-masculinit\u00e9 : quand br\u00fbler du gaz dans un gros char est synonyme de virilit\u00e9<\/a> \u00bb,\u00a0<em>Journal 24h,\u00a0<\/em>4 juillet.<\/li>\n<li>(2020) Entrevue avec la journaliste Gabrielle Morin-Lefebvre, \u00ab <a href=\"https:\/\/www.24heures.ca\/2020\/10\/10\/code-vestimentaire-au-secondaire---des-garcons-font-la-guerre-au-sexisme-une-jupe-a-la-fois-1#:~:text=%C3%80%20la%20suite%20d'une,impos%C3%A9s%20%C3%A0%20leurs%20coll%C3%A8gues%20f%C3%A9minines.\">Code vestimentaire au secondaire\u00a0: des gar\u00e7ons font la guerre au sexisme une jupe \u00e0 la fois<\/a> \u00bb, <em>Journal 24 heures<\/em>, 10 octobre.<\/li>\n<li>(2020) Entrevue avec la journaliste Nayla Naoufal pour l\u2019article \u00ab <a href=\"https:\/\/gazettedesfemmes.ca\/15397\/les-ecofeminismes-un-foisonnement-intersectionnel\/\">Les \u00e9cof\u00e9minismes, un foisonnement intersectionnel<\/a> \u00bb, Gazette des femmes, 23 janvier.<\/li>\n<\/ul>\n<h5><strong>ARTICLES<\/strong><\/h5>\n<ul>\n<li>(2025) Casselot, Marie-Anne. \u00ab <a href=\"https:\/\/viedesarts.com\/lecole-experimentale-un-laboratoire-artistique-sensible\/\">L&rsquo;\u00c9cole exp\u00e9rimentale, un laboratoire artistique sensible<\/a> \u00bb, Revue\u00a0<em>Vie des Arts<\/em>, num\u00e9ro 277, printemps 2025.<\/li>\n<li>(2023) Casselot, Marie-Anne. \u00ab Na\u00eetre maintenant \u00bb, Revue <em>Libert\u00e9<\/em>, no. 337, hiver 2023.<\/li>\n<li>(2018) Casselot, Marie-Anne. \u00ab <a href=\"https:\/\/www.ledevoir.com\/societe\/le-devoir-de-philo-histoire\/544175\/l-habillement-est-un-piege-pour-les-femmes-en-politique\">L\u2019habillement est un pi\u00e8ge pour les femmes en politique\u00a0<\/a>\u00bb, <em>Journal <\/em><em>Le Devoir<\/em>, 22-23 d\u00e9cembre.<\/li>\n<li>(2018) Casselot, Marie-Anne. \u00ab\u00a0<a href=\"https:\/\/www.ababord.org\/Enraciner-la-justice-sociale-dans-l-ecofeminisme\">Enraciner la justice sociale dans l\u2019\u00e9cof\u00e9minisme<\/a>\u00a0\u00bb, <em>Revue \u00c0 Babord!, <\/em>74, Avril-Mai 2018.<\/li>\n<li>(2015) Casselot, Marie-Anne. \u00ab\u00a0<a href=\"http:\/\/francoisestereo.com\/symphonies-feministes-sur-la-colere\/\">Symphonies f\u00e9ministes sur la col\u00e8re<\/a>\u00a0\u00bb <em>Fran\u00e7oise St\u00e9r\u00e9o<\/em>. 8 mars.<\/li>\n<li>(2013) Casselot, Marie-Anne. \u00ab\u00a0<a href=\"https:\/\/jesuisfeministe.com\/2013\/11\/10\/diversite-en-philosophie-pour-un-reel-etat-des-lieux\/\">Diversite\u0301 en philosophie : pour un re\u0301el e\u0301tat des lieux.<\/a>\u00a0\u00bb <em>Je suis fe\u0301ministe<\/em>. 10 novembre.<\/li>\n<\/ul>\n","protected":false},"excerpt":{"rendered":"<p>ENTRETIENS (2025) Entrevue avec la journaliste Caroline D\u00e9coste, \u00ab Le grand retour du tricot, du crochet et de la broderie \u00bb, V\u00e9ro Magazine, 18 f\u00e9vrier. (2024) Entrevue avec la journaliste Miriane Demers-Lemay, \u00ab La philosophie f\u00e9ministe des sciences \u00bb, Gazette des femmes, 12 septembre. (2022) Entrevue avec la journaliste \u00c9milie Clavel, \u00ab L&rsquo;\u00ab incomp\u00e9tence strat\u00e9gique [&hellip;]<\/p>\n","protected":false},"author":1,"featured_media":0,"parent":0,"menu_order":0,"comment_status":"closed","ping_status":"closed","template":"","meta":{"hide_page_title":"","_coblocks_attr":"","_coblocks_dimensions":"","_coblocks_responsive_height":"","_coblocks_accordion_ie_support":"","footnotes":""},"class_list":["post-29","page","type-page","status-publish","hentry"],"yoast_head":"<!-- This site is optimized with the Yoast SEO plugin v27.5 - https:\/\/yoast.com\/product\/yoast-seo-wordpress\/ -->\n<title>Interventions m\u00e9diatiques - Marie-Anne Casselot<\/title>\n<meta name=\"robots\" content=\"index, follow, max-snippet:-1, max-image-preview:large, max-video-preview:-1\" \/>\n<link rel=\"canonical\" href=\"https:\/\/marieannecasselot.com\/?page_id=29\" \/>\n<meta property=\"og:locale\" content=\"fr_FR\" \/>\n<meta property=\"og:type\" content=\"article\" \/>\n<meta property=\"og:title\" content=\"Interventions m\u00e9diatiques - Marie-Anne Casselot\" \/>\n<meta property=\"og:description\" content=\"ENTRETIENS (2025) Entrevue avec la journaliste Caroline D\u00e9coste, \u00ab Le grand retour du tricot, du crochet et de la broderie \u00bb, V\u00e9ro Magazine, 18 f\u00e9vrier. (2024) Entrevue avec la journaliste Miriane Demers-Lemay, \u00ab La philosophie f\u00e9ministe des sciences \u00bb, Gazette des femmes, 12 septembre. (2022) Entrevue avec la journaliste \u00c9milie Clavel, \u00ab L&rsquo;\u00ab incomp\u00e9tence strat\u00e9gique [&hellip;]\" \/>\n<meta property=\"og:url\" content=\"https:\/\/marieannecasselot.com\/?page_id=29\" \/>\n<meta property=\"og:site_name\" content=\"Marie-Anne Casselot\" \/>\n<meta property=\"article:modified_time\" content=\"2025-07-09T18:32:23+00:00\" \/>\n<meta name=\"twitter:card\" content=\"summary_large_image\" \/>\n<meta name=\"twitter:label1\" content=\"Dur\u00e9e de lecture estim\u00e9e\" \/>\n\t<meta name=\"twitter:data1\" content=\"2 minutes\" \/>\n<script type=\"application\/ld+json\" class=\"yoast-schema-graph\">{\"@context\":\"https:\\\/\\\/schema.org\",\"@graph\":[{\"@type\":\"WebPage\",\"@id\":\"https:\\\/\\\/marieannecasselot.com\\\/?page_id=29\",\"url\":\"https:\\\/\\\/marieannecasselot.com\\\/?page_id=29\",\"name\":\"Interventions m\u00e9diatiques - Marie-Anne Casselot\",\"isPartOf\":{\"@id\":\"https:\\\/\\\/marieannecasselot.com\\\/#website\"},\"datePublished\":\"2021-06-03T16:02:43+00:00\",\"dateModified\":\"2025-07-09T18:32:23+00:00\",\"breadcrumb\":{\"@id\":\"https:\\\/\\\/marieannecasselot.com\\\/?page_id=29#breadcrumb\"},\"inLanguage\":\"fr-FR\",\"potentialAction\":[{\"@type\":\"ReadAction\",\"target\":[\"https:\\\/\\\/marieannecasselot.com\\\/?page_id=29\"]}]},{\"@type\":\"BreadcrumbList\",\"@id\":\"https:\\\/\\\/marieannecasselot.com\\\/?page_id=29#breadcrumb\",\"itemListElement\":[{\"@type\":\"ListItem\",\"position\":1,\"name\":\"Accueil\",\"item\":\"https:\\\/\\\/marieannecasselot.com\\\/\"},{\"@type\":\"ListItem\",\"position\":2,\"name\":\"Interventions m\u00e9diatiques\"}]},{\"@type\":\"WebSite\",\"@id\":\"https:\\\/\\\/marieannecasselot.com\\\/#website\",\"url\":\"https:\\\/\\\/marieannecasselot.com\\\/\",\"name\":\"Marie-Anne Casselot\",\"description\":\"\",\"publisher\":{\"@id\":\"https:\\\/\\\/marieannecasselot.com\\\/#\\\/schema\\\/person\\\/a089e602ab8298ea95d36349cf351b37\"},\"potentialAction\":[{\"@type\":\"SearchAction\",\"target\":{\"@type\":\"EntryPoint\",\"urlTemplate\":\"https:\\\/\\\/marieannecasselot.com\\\/?s={search_term_string}\"},\"query-input\":{\"@type\":\"PropertyValueSpecification\",\"valueRequired\":true,\"valueName\":\"search_term_string\"}}],\"inLanguage\":\"fr-FR\"},{\"@type\":[\"Person\",\"Organization\"],\"@id\":\"https:\\\/\\\/marieannecasselot.com\\\/#\\\/schema\\\/person\\\/a089e602ab8298ea95d36349cf351b37\",\"name\":\"marie-anne\",\"image\":{\"@type\":\"ImageObject\",\"inLanguage\":\"fr-FR\",\"@id\":\"https:\\\/\\\/secure.gravatar.com\\\/avatar\\\/c4c6a1cc86d5ba07a13fc4f9b2eb00746a7abcd8525fd2b0a4b538c69aa22d3c?s=96&d=mm&r=g\",\"url\":\"https:\\\/\\\/secure.gravatar.com\\\/avatar\\\/c4c6a1cc86d5ba07a13fc4f9b2eb00746a7abcd8525fd2b0a4b538c69aa22d3c?s=96&d=mm&r=g\",\"contentUrl\":\"https:\\\/\\\/secure.gravatar.com\\\/avatar\\\/c4c6a1cc86d5ba07a13fc4f9b2eb00746a7abcd8525fd2b0a4b538c69aa22d3c?s=96&d=mm&r=g\",\"caption\":\"marie-anne\"},\"logo\":{\"@id\":\"https:\\\/\\\/secure.gravatar.com\\\/avatar\\\/c4c6a1cc86d5ba07a13fc4f9b2eb00746a7abcd8525fd2b0a4b538c69aa22d3c?s=96&d=mm&r=g\"},\"sameAs\":[\"https:\\\/\\\/marieannecasselot.com\"]}]}<\/script>\n<!-- \/ Yoast SEO plugin. -->","yoast_head_json":{"title":"Interventions m\u00e9diatiques - Marie-Anne Casselot","robots":{"index":"index","follow":"follow","max-snippet":"max-snippet:-1","max-image-preview":"max-image-preview:large","max-video-preview":"max-video-preview:-1"},"canonical":"https:\/\/marieannecasselot.com\/?page_id=29","og_locale":"fr_FR","og_type":"article","og_title":"Interventions m\u00e9diatiques - Marie-Anne Casselot","og_description":"ENTRETIENS (2025) Entrevue avec la journaliste Caroline D\u00e9coste, \u00ab Le grand retour du tricot, du crochet et de la broderie \u00bb, V\u00e9ro Magazine, 18 f\u00e9vrier. (2024) Entrevue avec la journaliste Miriane Demers-Lemay, \u00ab La philosophie f\u00e9ministe des sciences \u00bb, Gazette des femmes, 12 septembre. (2022) Entrevue avec la journaliste \u00c9milie Clavel, \u00ab L&rsquo;\u00ab incomp\u00e9tence strat\u00e9gique [&hellip;]","og_url":"https:\/\/marieannecasselot.com\/?page_id=29","og_site_name":"Marie-Anne Casselot","article_modified_time":"2025-07-09T18:32:23+00:00","twitter_card":"summary_large_image","twitter_misc":{"Dur\u00e9e de lecture estim\u00e9e":"2 minutes"},"schema":{"@context":"https:\/\/schema.org","@graph":[{"@type":"WebPage","@id":"https:\/\/marieannecasselot.com\/?page_id=29","url":"https:\/\/marieannecasselot.com\/?page_id=29","name":"Interventions m\u00e9diatiques - Marie-Anne Casselot","isPartOf":{"@id":"https:\/\/marieannecasselot.com\/#website"},"datePublished":"2021-06-03T16:02:43+00:00","dateModified":"2025-07-09T18:32:23+00:00","breadcrumb":{"@id":"https:\/\/marieannecasselot.com\/?page_id=29#breadcrumb"},"inLanguage":"fr-FR","potentialAction":[{"@type":"ReadAction","target":["https:\/\/marieannecasselot.com\/?page_id=29"]}]},{"@type":"BreadcrumbList","@id":"https:\/\/marieannecasselot.com\/?page_id=29#breadcrumb","itemListElement":[{"@type":"ListItem","position":1,"name":"Accueil","item":"https:\/\/marieannecasselot.com\/"},{"@type":"ListItem","position":2,"name":"Interventions m\u00e9diatiques"}]},{"@type":"WebSite","@id":"https:\/\/marieannecasselot.com\/#website","url":"https:\/\/marieannecasselot.com\/","name":"Marie-Anne Casselot","description":"","publisher":{"@id":"https:\/\/marieannecasselot.com\/#\/schema\/person\/a089e602ab8298ea95d36349cf351b37"},"potentialAction":[{"@type":"SearchAction","target":{"@type":"EntryPoint","urlTemplate":"https:\/\/marieannecasselot.com\/?s={search_term_string}"},"query-input":{"@type":"PropertyValueSpecification","valueRequired":true,"valueName":"search_term_string"}}],"inLanguage":"fr-FR"},{"@type":["Person","Organization"],"@id":"https:\/\/marieannecasselot.com\/#\/schema\/person\/a089e602ab8298ea95d36349cf351b37","name":"marie-anne","image":{"@type":"ImageObject","inLanguage":"fr-FR","@id":"https:\/\/secure.gravatar.com\/avatar\/c4c6a1cc86d5ba07a13fc4f9b2eb00746a7abcd8525fd2b0a4b538c69aa22d3c?s=96&d=mm&r=g","url":"https:\/\/secure.gravatar.com\/avatar\/c4c6a1cc86d5ba07a13fc4f9b2eb00746a7abcd8525fd2b0a4b538c69aa22d3c?s=96&d=mm&r=g","contentUrl":"https:\/\/secure.gravatar.com\/avatar\/c4c6a1cc86d5ba07a13fc4f9b2eb00746a7abcd8525fd2b0a4b538c69aa22d3c?s=96&d=mm&r=g","caption":"marie-anne"},"logo":{"@id":"https:\/\/secure.gravatar.com\/avatar\/c4c6a1cc86d5ba07a13fc4f9b2eb00746a7abcd8525fd2b0a4b538c69aa22d3c?s=96&d=mm&r=g"},"sameAs":["https:\/\/marieannecasselot.com"]}]}},"_links":{"self":[{"href":"https:\/\/marieannecasselot.com\/index.php?rest_route=\/wp\/v2\/pages\/29","targetHints":{"allow":["GET"]}}],"collection":[{"href":"https:\/\/marieannecasselot.com\/index.php?rest_route=\/wp\/v2\/pages"}],"about":[{"href":"https:\/\/marieannecasselot.com\/index.php?rest_route=\/wp\/v2\/types\/page"}],"author":[{"embeddable":true,"href":"https:\/\/marieannecasselot.com\/index.php?rest_route=\/wp\/v2\/users\/1"}],"replies":[{"embeddable":true,"href":"https:\/\/marieannecasselot.com\/index.php?rest_route=%2Fwp%2Fv2%2Fcomments&post=29"}],"version-history":[{"count":11,"href":"https:\/\/marieannecasselot.com\/index.php?rest_route=\/wp\/v2\/pages\/29\/revisions"}],"predecessor-version":[{"id":212,"href":"https:\/\/marieannecasselot.com\/index.php?rest_route=\/wp\/v2\/pages\/29\/revisions\/212"}],"wp:attachment":[{"href":"https:\/\/marieannecasselot.com\/index.php?rest_route=%2Fwp%2Fv2%2Fmedia&parent=29"}],"curies":[{"name":"wp","href":"https:\/\/api.w.org\/{rel}","templated":true}]}}